{"id":8922,"date":"2019-10-08T13:09:40","date_gmt":"2019-10-08T13:09:40","guid":{"rendered":"https:\/\/2019.transeuropafestival.eu\/transhumance\/"},"modified":"2019-11-08T15:01:59","modified_gmt":"2019-11-08T15:01:59","slug":"transhumance","status":"publish","type":"page","link":"https:\/\/2019.transeuropafestival.eu\/it\/transhumance\/","title":{"rendered":"TRANSHUMANCE: Alberto Amoretti e Giovanni H\u00e4nninen"},"content":{"rendered":"<div id='eventheader'  class='avia-section main_color avia-section-huge avia-no-border-styling  avia-full-stretch av-parallax-section av-section-color-overlay-active avia-bg-style-parallax  avia-builder-el-0  el_before_av_section  avia-builder-el-first   container_wrap fullsize' style=' '  data-section-bg-repeat='stretch'><div class='av-parallax' data-avia-parallax-ratio='0.3' ><div class='av-parallax-inner main_color  avia-full-stretch' style = 'background-repeat: no-repeat; background-image: url(https:\/\/2019.transeuropafestival.eu\/wp-content\/uploads\/2019\/10\/PeopleOfTamba-Beekeeper-LOW\u00a9hanninen-CF007646.jpeg);background-attachment: scroll; background-position: center center; ' ><\/div><\/div><div class='av-section-color-overlay-wrap'><div class='av-section-color-overlay' style='opacity: 0.5; background-color: #35383c; '><\/div><div class='container' ><main  role=\"main\" itemprop=\"mainContentOfPage\"  class='template-page content  av-content-full alpha units'><div class='post-entry post-entry-type-page post-entry-8922'><div class='entry-content-wrapper clearfix'>\n<div class=\"flex_column av_one_fifth  flex_column_div av-zero-column-padding first  avia-builder-el-1  el_before_av_three_fifth  avia-builder-el-first  \" style='border-radius:0px; '><\/div><div class=\"flex_column av_three_fifth  flex_column_div av-zero-column-padding   avia-builder-el-2  el_after_av_one_fifth  el_before_av_one_fifth  \" style='border-radius:0px; '><div  style='padding-bottom:19px; color:#ffffff;font-size:40px;' class='av-special-heading av-special-heading-h1 custom-color-heading blockquote modern-quote modern-centered  avia-builder-el-3  avia-builder-el-no-sibling  av-inherit-size '><h1 class='av-special-heading-tag '  itemprop=\"headline\"  >TRANSHUMANCE: Alberto Amoretti e Giovanni H\u00e4nninen <\/h1><div class='special-heading-border'><div class='special-heading-inner-border' style='border-color:#ffffff'><\/div><\/div><\/div><\/div><div class=\"flex_column av_one_fifth  flex_column_div av-zero-column-padding   avia-builder-el-4  el_after_av_three_fifth  el_before_av_one_fifth  \" style='border-radius:0px; '><\/div><div class=\"flex_column av_one_fifth  flex_column_div av-zero-column-padding first  avia-builder-el-5  el_after_av_one_fifth  el_before_av_three_fifth  column-top-margin\" style='border-radius:0px; '><\/div><div class=\"flex_column av_three_fifth  flex_column_div av-zero-column-padding   avia-builder-el-6  el_after_av_one_fifth  el_before_av_one_fifth  column-top-margin\" style='border-radius:0px; '><p><article  class=\"iconbox iconbox_left    avia-builder-el-7  el_before_av_icon_box  avia-builder-el-first  \"  itemscope=\"itemscope\" itemtype=\"https:\/\/schema.org\/CreativeWork\" ><div class=\"iconbox_content\"><header class=\"entry-content-header\"><div class=\"iconbox_icon heading-color\" aria-hidden='true' data-av_icon='\ue842' data-av_iconfont='entypo-fontello'  style='background-color:#ffffff; border:1px solid #ffffff; color:#000000; ' ><\/div><h3 class='iconbox_content_title  '  itemprop=\"headline\"   style='color:#ffffff; '>spazi publici all\u2019esterno<\/h3><\/header><div class='iconbox_content_container av_inherit_color '  itemprop=\"text\"   style='color:#ffffff; '><\/div><\/div><footer class=\"entry-footer\"><\/footer><\/article><br \/>\n<article  class=\"iconbox iconbox_left    avia-builder-el-8  el_after_av_icon_box  avia-builder-el-last  \"  itemscope=\"itemscope\" itemtype=\"https:\/\/schema.org\/CreativeWork\" ><div class=\"iconbox_content\"><header class=\"entry-content-header\"><div class=\"iconbox_icon heading-color\" aria-hidden='true' data-av_icon='\ue862' data-av_iconfont='entypo-fontello'  style='background-color:#ffffff; border:1px solid #ffffff; color:#000000; ' ><\/div><h3 class='iconbox_content_title  '  itemprop=\"headline\"   style='color:#ffffff; '>6 Nov - 8 Dic<\/h3><\/header><div class='iconbox_content_container av_inherit_color '  itemprop=\"text\"   style='color:#ffffff; '><\/div><\/div><footer class=\"entry-footer\"><\/footer><\/article><\/p><\/div><div class=\"flex_column av_one_fifth  flex_column_div av-zero-column-padding   avia-builder-el-9  el_after_av_three_fifth  avia-builder-el-last  column-top-margin\" style='border-radius:0px; '><\/div>\n\n<\/div><\/div><\/main><!-- close content main element --><\/div><\/div><\/div><div id='av_section_2'  class='avia-section main_color avia-section-small avia-no-border-styling  avia-bg-style-scroll  avia-builder-el-10  el_after_av_section  el_before_av_section   container_wrap fullsize' style=' '  ><div class='container' ><div class='template-page content  av-content-full alpha units'><div class='post-entry post-entry-type-page post-entry-8922'><div class='entry-content-wrapper clearfix'>\n<div class=\"flex_column av_one_fifth  flex_column_div av-zero-column-padding first  avia-builder-el-11  el_before_av_three_fifth  avia-builder-el-first  \" style='border-radius:0px; '><\/div><div class=\"flex_column av_three_fifth  flex_column_div av-zero-column-padding   avia-builder-el-12  el_after_av_one_fifth  el_before_av_one_fifth  \" style='border-radius:0px; '><section class=\"av_textblock_section \"  itemscope=\"itemscope\" itemtype=\"https:\/\/schema.org\/CreativeWork\" ><div class='avia_textblock  '   itemprop=\"text\" ><p><span style=\"font-weight: 400;\">La prima edizione di <\/span><i><span style=\"font-weight: 400;\">Transhumance<\/span><\/i><span style=\"font-weight: 400;\"> a cura di Izabela Anna Moren inaugura presentando il doppio progetto <\/span><i><span style=\"font-weight: 400;\">People of Tamba<\/span><\/i><span style=\"font-weight: 400;\"> e <\/span><i><span style=\"font-weight: 400;\">Senegal\/Sicily<\/span><\/i><span style=\"font-weight: 400;\">. Giovanni H\u00e4nninen attraverso 200 fotografie costruisce un catalogo tipologico della societ\u00e0 di Tambacounda, citt\u00e0 punto di partenza della maggior parte delle migrazioni senegalesi e situata in una delle regioni pi\u00f9 povere e rurali del paese. Il documentario <\/span><i><span style=\"font-weight: 400;\">Senegal\/Sicily<\/span><\/i><span style=\"font-weight: 400;\"> creato da Alberto Amoretti e Giovanni H\u00e4nninen parla dei rischi del viaggio e di ci\u00f2 che sta accadendo in Europa a chi \u00e8 riuscito ad arrivare. I due progetti creano un dialogo fra ci\u00f2&#8217; che era la vita prima e dopo l\u2019esperienza della migrazione.<\/span><\/p>\n<p><img loading=\"lazy\" decoding=\"async\" class=\"alignnone size-full wp-image-8864\" src=\"https:\/\/2019.transeuropafestival.eu\/wp-content\/uploads\/2019\/10\/PeopleOfTamba-Beekeeper-LOW\u00a9hanninen-CF007646.jpeg\" alt=\"\" width=\"1280\" height=\"960\" srcset=\"https:\/\/2019.transeuropafestival.eu\/wp-content\/uploads\/2019\/10\/PeopleOfTamba-Beekeeper-LOW\u00a9hanninen-CF007646.jpeg 1280w, https:\/\/2019.transeuropafestival.eu\/wp-content\/uploads\/2019\/10\/PeopleOfTamba-Beekeeper-LOW\u00a9hanninen-CF007646-300x225.jpeg 300w, https:\/\/2019.transeuropafestival.eu\/wp-content\/uploads\/2019\/10\/PeopleOfTamba-Beekeeper-LOW\u00a9hanninen-CF007646-768x576.jpeg 768w, https:\/\/2019.transeuropafestival.eu\/wp-content\/uploads\/2019\/10\/PeopleOfTamba-Beekeeper-LOW\u00a9hanninen-CF007646-1030x773.jpeg 1030w, https:\/\/2019.transeuropafestival.eu\/wp-content\/uploads\/2019\/10\/PeopleOfTamba-Beekeeper-LOW\u00a9hanninen-CF007646-705x529.jpeg 705w, https:\/\/2019.transeuropafestival.eu\/wp-content\/uploads\/2019\/10\/PeopleOfTamba-Beekeeper-LOW\u00a9hanninen-CF007646-450x338.jpeg 450w\" sizes=\"auto, (max-width: 1280px) 100vw, 1280px\" \/><\/p>\n<div>\n<div>\n<p><i><span style=\"font-weight: 400;\">Transhumance<\/span><\/i><span style=\"font-weight: 400;\"> \u00e8 una serie espositiva che ospita quattro progetti artistici nell&#8217;arco di un anno. Installata all&#8217;aperto nel centro storico e nelle periferie di Palermo, Transhumance promuove l&#8217;incontro al di fuori delle mura protette di musei o gallerie pubbliche, tra la citt\u00e0, i suoi abitanti e l\u2019arte. Il progetto \u00e8 co-sviluppato con Scuola Politica Gibel e nella sua prima edizione prodotto in collaborazione con Transeuropa Festival.<\/span><\/p>\n<p><span style=\"font-weight: 400;\">Sabato 9 novembre 2019, Giovanni H\u00e4nninen e Alberto Amoretti presenteranno <\/span><i><span style=\"font-weight: 400;\">People of Tamba<\/span><\/i><span style=\"font-weight: 400;\"> durante una passeggiata guidata nel centro storico di Palermo, seguita da una proiezione di Senegal\/Sicilia al tramonto.<\/span><\/p>\n<p><strong>LUOGO, DATA E ORA<\/strong><\/p>\n<\/div>\n<p><strong>Passeggiata con gli artisti<\/strong><br \/>\n9 nov, ore 15<br \/>\nPunto d\u2018incontro:<br \/>\nTeatro Garibaldi, Kalsa<\/p>\n<div>\n<p><strong>Screening Senegal\/Sicily, Q&amp;A<\/strong><\/p>\n<p>9 Nov, 5pm \u2014 Chiesa di Santa Chiara<br \/>\n13 Nov, 7pm \u2014 Cre.Zi.Plus Cantieri Culturali alla Zisa<\/p>\n<p>14 Nov, 5pm\u2014UN Human Flows Conference Sala Stella Maris, Porto di Palermo<\/p>\n<\/div>\n<\/div>\n<div>\n<div><\/div>\n<\/div>\n<div><\/div>\n<\/div><\/section><\/div><div class=\"flex_column av_one_fifth  flex_column_div av-zero-column-padding   avia-builder-el-14  el_after_av_three_fifth  avia-builder-el-last  \" style='border-radius:0px; '><\/div>\n\n<\/div><\/div><\/div><!-- close content main div --><\/div><\/div><div id='av_section_3'  class='avia-section main_color avia-section-default avia-no-border-styling  av-section-color-overlay-active avia-bg-style-scroll  avia-builder-el-15  el_after_av_section  el_before_av_textblock   container_wrap fullsize' style='background-color: #745f7e;  '  ><div class='av-section-color-overlay-wrap'><div class='av-section-color-overlay' style='opacity: 0.9; background-color: #35383c; '><\/div><div class='container' ><div class='template-page content  av-content-full alpha units'><div class='post-entry post-entry-type-page post-entry-8922'><div class='entry-content-wrapper clearfix'>\n<div class=\"flex_column av_one_fifth  flex_column_div av-zero-column-padding first  avia-builder-el-16  el_before_av_three_fifth  avia-builder-el-first  \" style='border-radius:0px; '><\/div><div class=\"flex_column av_three_fifth  flex_column_div av-zero-column-padding   avia-builder-el-17  el_after_av_one_fifth  el_before_av_one_fifth  \" style='border-radius:0px; '><section class=\"av_textblock_section \"  itemscope=\"itemscope\" itemtype=\"https:\/\/schema.org\/CreativeWork\" ><div class='avia_textblock  '   itemprop=\"text\" ><div class='avia-iframe-wrap'><iframe loading=\"lazy\" title=\"Senegal\/Sicily: Alpha\/Aisadou - TRAILER &#091;English subtitles&#093;\" src=\"https:\/\/player.vimeo.com\/video\/258309032?dnt=1&amp;app_id=122963\" width=\"1500\" height=\"844\" frameborder=\"0\" allow=\"autoplay; fullscreen\" allowfullscreen><\/iframe><\/div>\n<\/div><\/section><\/div><div class=\"flex_column av_one_fifth  flex_column_div av-zero-column-padding   avia-builder-el-19  el_after_av_three_fifth  avia-builder-el-last  \" style='border-radius:0px; '><\/div>\n<\/div><\/div><\/div><!-- close content main div --><\/div><\/div><\/div><div id='after_section_3'  class='main_color av_default_container_wrap container_wrap fullsize' style=' '  ><div class='container' ><div class='template-page content  av-content-full alpha units'><div class='post-entry post-entry-type-page post-entry-8922'><div class='entry-content-wrapper clearfix'>\n<section class=\"av_textblock_section \"  itemscope=\"itemscope\" itemtype=\"https:\/\/schema.org\/CreativeWork\" ><div class='avia_textblock  '   itemprop=\"text\" ><p>in collaborazione:<\/p>\n<\/div><\/section>\n<div   data-autoplay='false'  data-interval='5'  data-animation='slide'  class='avia-logo-element-container  avia-logo-slider avia-content-slider avia-smallarrow-slider avia-content-slider-active noHover avia-content-slider1 avia-content-slider-even  avia-builder-el-21  el_after_av_textblock  avia-builder-el-last  ' ><div class='avia-smallarrow-slider-heading  no-logo-slider-heading '><div class='new-special-heading'>&nbsp;<\/div><\/div><div class='avia-content-slider-inner'><div class='slide-entry-wrap' ><div  class='slide-entry flex_column no_margin post-entry slide-entry-overview slide-loop-1 slide-parity-odd  av_one_eighth first real-thumbnail'><span class='av-partner-fake-img' style='padding-bottom:100%; background-image:url(https:\/\/2019.transeuropafestival.eu\/wp-content\/uploads\/2019\/11\/logo-ufficiale-1.jpg);'><\/span><\/div><div  class='slide-entry flex_column no_margin post-entry slide-entry-overview slide-loop-2 slide-parity-even  av_one_eighth  real-thumbnail'><span class='av-partner-fake-img' style='padding-bottom:100%; background-image:url(https:\/\/2019.transeuropafestival.eu\/wp-content\/uploads\/2019\/11\/LogoBAM_Esteso_RisoluzioneWeb-1.jpeg);'><\/span><\/div><div  class='slide-entry flex_column no_margin post-entry slide-entry-overview slide-loop-3 slide-parity-odd  av_one_eighth  real-thumbnail'><span class='av-partner-fake-img' style='padding-bottom:100%; background-image:url(https:\/\/2019.transeuropafestival.eu\/wp-content\/uploads\/2019\/10\/Scuola-Gibel.png);'><\/span><\/div><div  class='slide-entry flex_column no_margin post-entry slide-entry-overview slide-loop-4 slide-parity-even  av_one_eighth  real-thumbnail'><span class='av-partner-fake-img' style='padding-bottom:100%; background-image:url(https:\/\/2019.transeuropafestival.eu\/wp-content\/uploads\/2019\/11\/Albers-logo.png);'><\/span><\/div><div  class='slide-entry flex_column no_margin post-entry slide-entry-overview slide-loop-5 slide-parity-odd  av_one_eighth  real-thumbnail'><span class='av-partner-fake-img' style='padding-bottom:100%; background-image:url(https:\/\/2019.transeuropafestival.eu\/wp-content\/uploads\/2019\/11\/le_korsa_transparent_logo.png);'><\/span><\/div><div  class='slide-entry flex_column no_margin post-entry slide-entry-overview slide-loop-6 slide-parity-even  av_one_eighth  real-thumbnail'><span class='av-partner-fake-img' style='padding-bottom:100%; background-image:url(https:\/\/2019.transeuropafestival.eu\/wp-content\/uploads\/2019\/11\/image.png);'><\/span><\/div><div  class='slide-entry flex_column no_margin post-entry slide-entry-overview slide-loop-7 slide-parity-odd  av_one_eighth  real-thumbnail'><span class='av-partner-fake-img' style='padding-bottom:100%; background-image:url(https:\/\/2019.transeuropafestival.eu\/wp-content\/uploads\/2019\/11\/image0.jpeg);'><\/span><\/div><div  class='slide-entry flex_column no_margin post-entry slide-entry-overview slide-loop-8 slide-parity-even  post-entry-last  av_one_eighth  real-thumbnail'><span class='av-partner-fake-img' style='padding-bottom:100%; background-image:url(https:\/\/2019.transeuropafestival.eu\/wp-content\/uploads\/2019\/11\/push.png);'><\/span><\/div><\/div><\/div><\/div>\n","protected":false},"excerpt":{"rendered":"","protected":false},"author":2,"featured_media":0,"parent":0,"menu_order":0,"comment_status":"closed","ping_status":"closed","template":"","meta":{"footnotes":""},"class_list":["post-8922","page","type-page","status-publish","hentry"],"_links":{"self":[{"href":"https:\/\/2019.transeuropafestival.eu\/it\/wp-json\/wp\/v2\/pages\/8922","targetHints":{"allow":["GET"]}}],"collection":[{"href":"https:\/\/2019.transeuropafestival.eu\/it\/wp-json\/wp\/v2\/pages"}],"about":[{"href":"https:\/\/2019.transeuropafestival.eu\/it\/wp-json\/wp\/v2\/types\/page"}],"author":[{"embeddable":true,"href":"https:\/\/2019.transeuropafestival.eu\/it\/wp-json\/wp\/v2\/users\/2"}],"replies":[{"embeddable":true,"href":"https:\/\/2019.transeuropafestival.eu\/it\/wp-json\/wp\/v2\/comments?post=8922"}],"version-history":[{"count":9,"href":"https:\/\/2019.transeuropafestival.eu\/it\/wp-json\/wp\/v2\/pages\/8922\/revisions"}],"predecessor-version":[{"id":9829,"href":"https:\/\/2019.transeuropafestival.eu\/it\/wp-json\/wp\/v2\/pages\/8922\/revisions\/9829"}],"wp:attachment":[{"href":"https:\/\/2019.transeuropafestival.eu\/it\/wp-json\/wp\/v2\/media?parent=8922"}],"curies":[{"name":"wp","href":"https:\/\/api.w.org\/{rel}","templated":true}]}}